{"id":38514,"date":"2022-06-27T08:04:30","date_gmt":"2022-06-27T08:04:30","guid":{"rendered":"https:\/\/www.soniademetz.com\/prodotto\/waldarbeiter-mit-saege\/"},"modified":"2022-08-23T13:15:58","modified_gmt":"2022-08-23T13:15:58","slug":"holzfaller-mit-sage","status":"publish","type":"product","link":"https:\/\/www.soniademetz.com\/de\/prodotto\/holzfaller-mit-sage\/","title":{"rendered":"Holzf\u00e4ller mit S\u00e4ge"},"content":{"rendered":"<p>Skulptur eines Holzf\u00e4llers im alpinen Nostalgiestil, er tr\u00e4gt eine Hands\u00e4ge um die Schulter und ist dabei einen \u201eJodler\u201c in Richtung des Waldes loszulegen. Mit der Hand leitet er den Ruf und wartet auf das Echo.<br \/>\nDie Farben der Kleider sind munter, gr\u00fcn f\u00fcr die Jacke und hellbraun f\u00fcr die Lederhosen, auf dem Hut tr\u00e4gt er die klassischen Federn.<br \/>\nDie Schnitzerei ist aus Ahorn.<\/p>\n","protected":false},"excerpt":{"rendered":"<p>Skulptur eines Holzf\u00e4llers im alpinen Nostalgiestil, er tr\u00e4gt eine Hands\u00e4ge um die Schulter und ist dabei einen \u201eJodler\u201c in Richtung des Waldes loszulegen.<\/p>\n","protected":false},"featured_media":38710,"template":"","meta":{"neve_meta_sidebar":"","neve_meta_container":"","neve_meta_enable_content_width":"off","neve_meta_content_width":70,"neve_meta_title_alignment":"","neve_meta_author_avatar":"","neve_post_elements_order":"","neve_meta_disable_header":"","neve_meta_disable_footer":"","neve_meta_disable_title":"","_mbp_gutenberg_autopost":false,"_themeisle_gutenberg_block_has_review":false},"product_brand":[],"product_cat":[101,312],"product_tag":[1818,2042,1497,2043],"class_list":{"0":"post-38514","1":"product","2":"type-product","3":"status-publish","4":"has-post-thumbnail","6":"product_cat-profan","7":"product_cat-statuen-profan","8":"product_tag-con-de","9":"product_tag-holzfaller","10":"product_tag-profan","11":"product_tag-sage","13":"first","14":"outofstock","15":"purchasable","16":"product-type-variable"},"yoast_head":"<!-- This site is optimized with the Yoast SEO plugin v27.5 - https:\/\/yoast.com\/product\/yoast-seo-wordpress\/ -->\n<title>Holzf\u00e4ller mit S\u00e4ge - Sonia Demetz<\/title>\n<meta name=\"description\" content=\"Skulptur eines Holzf\u00e4llers im alpinen Nostalgiestil, er tr\u00e4gt eine Hands\u00e4ge um die Schulter und ist dabei einen \u201eJodler\u201c in Richtung des Waldes loszulegen.\" \/>\n<meta name=\"robots\" content=\"index, follow, max-snippet:-1, max-image-preview:large, max-video-preview:-1\" \/>\n<link rel=\"canonical\" href=\"https:\/\/www.soniademetz.com\/de\/prodotto\/holzfaller-mit-sage\/\" \/>\n<meta property=\"og:locale\" content=\"de_DE\" \/>\n<meta property=\"og:type\" content=\"article\" \/>\n<meta property=\"og:title\" content=\"Holzf\u00e4ller mit S\u00e4ge - Sonia Demetz\" \/>\n<meta property=\"og:description\" content=\"Skulptur eines Holzf\u00e4llers im alpinen Nostalgiestil, er tr\u00e4gt eine Hands\u00e4ge um die Schulter und ist dabei einen \u201eJodler\u201c in Richtung des Waldes loszulegen.\" \/>\n<meta property=\"og:url\" content=\"https:\/\/www.soniademetz.com\/de\/prodotto\/holzfaller-mit-sage\/\" \/>\n<meta property=\"og:site_name\" content=\"Sonia Demetz\" \/>\n<meta property=\"article:publisher\" content=\"https:\/\/www.facebook.com\/SoniaDemetzWoodArtSculptures\" \/>\n<meta property=\"article:modified_time\" content=\"2022-08-23T13:15:58+00:00\" \/>\n<meta property=\"og:image\" content=\"https:\/\/www.soniademetz.com\/wp-content\/uploads\/2022\/06\/100111-ridim-1.jpg\" \/>\n\t<meta property=\"og:image:width\" content=\"633\" \/>\n\t<meta property=\"og:image:height\" content=\"603\" \/>\n\t<meta property=\"og:image:type\" content=\"image\/jpeg\" \/>\n<meta name=\"twitter:card\" content=\"summary_large_image\" \/>\n<!-- \/ Yoast SEO plugin. -->","yoast_head_json":{"title":"Holzf\u00e4ller mit S\u00e4ge - Sonia Demetz","description":"Skulptur eines Holzf\u00e4llers im alpinen Nostalgiestil, er tr\u00e4gt eine Hands\u00e4ge um die Schulter und ist dabei einen \u201eJodler\u201c in Richtung des Waldes loszulegen.","robots":{"index":"index","follow":"follow","max-snippet":"max-snippet:-1","max-image-preview":"max-image-preview:large","max-video-preview":"max-video-preview:-1"},"canonical":"https:\/\/www.soniademetz.com\/de\/prodotto\/holzfaller-mit-sage\/","og_locale":"de_DE","og_type":"article","og_title":"Holzf\u00e4ller mit S\u00e4ge - Sonia Demetz","og_description":"Skulptur eines Holzf\u00e4llers im alpinen Nostalgiestil, er tr\u00e4gt eine Hands\u00e4ge um die Schulter und ist dabei einen \u201eJodler\u201c in Richtung des Waldes loszulegen.","og_url":"https:\/\/www.soniademetz.com\/de\/prodotto\/holzfaller-mit-sage\/","og_site_name":"Sonia Demetz","article_publisher":"https:\/\/www.facebook.com\/SoniaDemetzWoodArtSculptures","article_modified_time":"2022-08-23T13:15:58+00:00","og_image":[{"width":633,"height":603,"url":"https:\/\/www.soniademetz.com\/wp-content\/uploads\/2022\/06\/100111-ridim-1.jpg","type":"image\/jpeg"}],"twitter_card":"summary_large_image","schema":{"@context":"https:\/\/schema.org","@graph":[{"@type":"WebPage","@id":"https:\/\/www.soniademetz.com\/de\/prodotto\/holzfaller-mit-sage\/","url":"https:\/\/www.soniademetz.com\/de\/prodotto\/holzfaller-mit-sage\/","name":"Holzf\u00e4ller mit S\u00e4ge - Sonia Demetz","isPartOf":{"@id":"https:\/\/www.soniademetz.com\/de\/#website"},"primaryImageOfPage":{"@id":"https:\/\/www.soniademetz.com\/de\/prodotto\/holzfaller-mit-sage\/#primaryimage"},"image":{"@id":"https:\/\/www.soniademetz.com\/de\/prodotto\/holzfaller-mit-sage\/#primaryimage"},"thumbnailUrl":"https:\/\/i0.wp.com\/www.soniademetz.com\/wp-content\/uploads\/2022\/06\/100111-ridim-1.jpg?fit=633%2C603&ssl=1","datePublished":"2022-06-27T08:04:30+00:00","dateModified":"2022-08-23T13:15:58+00:00","description":"Skulptur eines Holzf\u00e4llers im alpinen Nostalgiestil, er tr\u00e4gt eine Hands\u00e4ge um die Schulter und ist dabei einen \u201eJodler\u201c in Richtung des Waldes loszulegen.","breadcrumb":{"@id":"https:\/\/www.soniademetz.com\/de\/prodotto\/holzfaller-mit-sage\/#breadcrumb"},"inLanguage":"de","potentialAction":[{"@type":"ReadAction","target":["https:\/\/www.soniademetz.com\/de\/prodotto\/holzfaller-mit-sage\/"]}]},{"@type":"ImageObject","inLanguage":"de","@id":"https:\/\/www.soniademetz.com\/de\/prodotto\/holzfaller-mit-sage\/#primaryimage","url":"https:\/\/i0.wp.com\/www.soniademetz.com\/wp-content\/uploads\/2022\/06\/100111-ridim-1.jpg?fit=633%2C603&ssl=1","contentUrl":"https:\/\/i0.wp.com\/www.soniademetz.com\/wp-content\/uploads\/2022\/06\/100111-ridim-1.jpg?fit=633%2C603&ssl=1","width":633,"height":603,"caption":"Sonia Demetz, Holzf\u00e4ller, Tirol Stil, Kuntschnitzerei aus Holz, Handgefertigt und Handbemalt."},{"@type":"BreadcrumbList","@id":"https:\/\/www.soniademetz.com\/de\/prodotto\/holzfaller-mit-sage\/#breadcrumb","itemListElement":[{"@type":"ListItem","position":1,"name":"Home","item":"https:\/\/www.soniademetz.com\/de\/"},{"@type":"ListItem","position":2,"name":"Shop","item":"https:\/\/www.soniademetz.com\/de\/shop-2\/"},{"@type":"ListItem","position":3,"name":"Holzf\u00e4ller mit S\u00e4ge"}]},{"@type":"WebSite","@id":"https:\/\/www.soniademetz.com\/de\/#website","url":"https:\/\/www.soniademetz.com\/de\/","name":"Sonia Demetz","description":"Holzkunst in Gr\u00f6dental","publisher":{"@id":"https:\/\/www.soniademetz.com\/de\/#organization"},"potentialAction":[{"@type":"SearchAction","target":{"@type":"EntryPoint","urlTemplate":"https:\/\/www.soniademetz.com\/de\/?s={search_term_string}"},"query-input":{"@type":"PropertyValueSpecification","valueRequired":true,"valueName":"search_term_string"}}],"inLanguage":"de"},{"@type":"Organization","@id":"https:\/\/www.soniademetz.com\/de\/#organization","name":"Sonia Demetz","url":"https:\/\/www.soniademetz.com\/de\/","logo":{"@type":"ImageObject","inLanguage":"de","@id":"https:\/\/www.soniademetz.com\/de\/#\/schema\/logo\/image\/","url":"https:\/\/i0.wp.com\/www.soniademetz.com\/wp-content\/uploads\/2021\/05\/cropped-Sonia-Demetz-Logo_1.png?fit=1407%2C573&ssl=1","contentUrl":"https:\/\/i0.wp.com\/www.soniademetz.com\/wp-content\/uploads\/2021\/05\/cropped-Sonia-Demetz-Logo_1.png?fit=1407%2C573&ssl=1","width":1407,"height":573,"caption":"Sonia Demetz"},"image":{"@id":"https:\/\/www.soniademetz.com\/de\/#\/schema\/logo\/image\/"},"sameAs":["https:\/\/www.facebook.com\/SoniaDemetzWoodArtSculptures","https:\/\/www.instagram.com\/soniademetz_woodart_sculptures\/"]}]}},"jetpack_sharing_enabled":true,"_links":{"self":[{"href":"https:\/\/www.soniademetz.com\/de\/wp-json\/wp\/v2\/product\/38514","targetHints":{"allow":["GET"]}}],"collection":[{"href":"https:\/\/www.soniademetz.com\/de\/wp-json\/wp\/v2\/product"}],"about":[{"href":"https:\/\/www.soniademetz.com\/de\/wp-json\/wp\/v2\/types\/product"}],"wp:featuredmedia":[{"embeddable":true,"href":"https:\/\/www.soniademetz.com\/de\/wp-json\/wp\/v2\/media\/38710"}],"wp:attachment":[{"href":"https:\/\/www.soniademetz.com\/de\/wp-json\/wp\/v2\/media?parent=38514"}],"wp:term":[{"taxonomy":"product_brand","embeddable":true,"href":"https:\/\/www.soniademetz.com\/de\/wp-json\/wp\/v2\/product_brand?post=38514"},{"taxonomy":"product_cat","embeddable":true,"href":"https:\/\/www.soniademetz.com\/de\/wp-json\/wp\/v2\/product_cat?post=38514"},{"taxonomy":"product_tag","embeddable":true,"href":"https:\/\/www.soniademetz.com\/de\/wp-json\/wp\/v2\/product_tag?post=38514"}],"curies":[{"name":"wp","href":"https:\/\/api.w.org\/{rel}","templated":true}]}}