{"id":36842,"date":"2022-03-28T10:05:00","date_gmt":"2022-03-28T10:05:00","guid":{"rendered":"https:\/\/www.soniademetz.com\/prodotto\/letztes-abendmahl\/"},"modified":"2023-04-12T14:52:29","modified_gmt":"2023-04-12T14:52:29","slug":"letztes-abendmahl","status":"publish","type":"product","link":"https:\/\/www.soniademetz.com\/de\/prodotto\/letztes-abendmahl\/","title":{"rendered":"Das letzte Abendmahl"},"content":{"rendered":"<p>Diese Relief- Skulptur aus Ahorn stellt Jesus mit seinen J\u00fcngern beim letzten Abendmahl dar.<br \/>\nVor seinem Tod beschlie\u00dft Jesus, Ostern zusammen mit seinen Auserw\u00e4hlten zu feiern.<br \/>\nIn jener Zeit war dies der Tag der Befreiung des j\u00fcdischen Volkes aus der Sklaverei \u00c4gyptens.<\/p>\n<p>Im Zentrum der Darstellung sehen wir Jesus mit offenen Armen bei der Umwandlung , mit dieser Geste f\u00fchrte er ein, was f\u00fcr die Christen das Sakrament der Eucharistie sein wird.<\/p>\n<p>An den Gesichtern und Stellungen der K\u00f6rper erkennt man die Geselligkeit, die die J\u00fcnger bei diesem Abendmahl erfahren, doch gleichzeitig kommt die Bedeutung zum Ausdruck, die die J\u00fcnger Jesus und seinen Worten beimessen.<\/p>\n","protected":false},"excerpt":{"rendered":"<p>Diese Relief- Skulptur aus Ahorn stellt Jesus mit seinen J\u00fcngern beim letzten Abendmahl dar.<br \/>\nVor seinem Tod beschlie\u00dft Jesus, Ostern zusammen mit seinen Auserw\u00e4hlten zu feiern.<br \/>\nIn jener Zeit war dies der Tag der Befreiung des j\u00fcdischen Volkes aus der Sklaverei \u00c4gyptens.<\/p>\n","protected":false},"featured_media":48573,"template":"","meta":{"neve_meta_sidebar":"","neve_meta_container":"","neve_meta_enable_content_width":"off","neve_meta_content_width":70,"neve_meta_title_alignment":"","neve_meta_author_avatar":"","neve_post_elements_order":"","neve_meta_disable_header":"","neve_meta_disable_footer":"","neve_meta_disable_title":"","_mbp_gutenberg_autopost":false,"_themeisle_gutenberg_block_has_review":false},"product_brand":[],"product_cat":[1885,96],"product_tag":[1806,1805],"class_list":["post-36842","product","type-product","status-publish","has-post-thumbnail","product_cat-passion-de","product_cat-religioese-kunst","product_tag-cena-de","product_tag-lultima-de","first","instock","purchasable","product-type-variable"],"yoast_head":"<!-- This site is optimized with the Yoast SEO plugin v28.3 - https:\/\/yoast.com\/product\/yoast-seo-wordpress\/ -->\n<title>Das letzte Abendmahl - Sonia Demetz<\/title>\n<meta name=\"description\" content=\"Das letzte Abendmahl in Ahorn geschnitzt, handgefertigt und handbemahlt. Vor seinem Tod beschlie\u00dft Jesus, Ostern zusammen mit seinem Folgern zu feiern.\" \/>\n<meta name=\"robots\" content=\"index, follow, max-snippet:-1, max-image-preview:large, max-video-preview:-1\" \/>\n<link rel=\"canonical\" href=\"https:\/\/www.soniademetz.com\/de\/prodotto\/letztes-abendmahl\/\" \/>\n<meta property=\"og:locale\" content=\"de_DE\" \/>\n<meta property=\"og:type\" content=\"article\" \/>\n<meta property=\"og:title\" content=\"Das letzte Abendmahl - Sonia Demetz\" \/>\n<meta property=\"og:description\" content=\"Das letzte Abendmahl in Ahorn geschnitzt, handgefertigt und handbemahlt. Vor seinem Tod beschlie\u00dft Jesus, Ostern zusammen mit seinem Folgern zu feiern.\" \/>\n<meta property=\"og:url\" content=\"https:\/\/www.soniademetz.com\/de\/prodotto\/letztes-abendmahl\/\" \/>\n<meta property=\"og:site_name\" content=\"Sonia Demetz\" \/>\n<meta property=\"article:publisher\" content=\"https:\/\/www.facebook.com\/SoniaDemetzWoodArtSculptures\" \/>\n<meta property=\"article:modified_time\" content=\"2023-04-12T14:52:29+00:00\" \/>\n<meta property=\"og:image\" content=\"https:\/\/www.soniademetz.com\/wp-content\/uploads\/2022\/03\/WhatsApp-Image-2022-04-14-at-10.22.27-5.jpeg\" \/>\n<meta name=\"twitter:card\" content=\"summary_large_image\" \/>\n<meta name=\"twitter:label1\" content=\"Gesch\u00e4tzte Lesezeit\" \/>\n\t<meta name=\"twitter:data1\" content=\"1\u00a0Minute\" \/>\n<!-- \/ Yoast SEO plugin. -->","yoast_head_json":{"title":"Das letzte Abendmahl - Sonia Demetz","description":"Das letzte Abendmahl in Ahorn geschnitzt, handgefertigt und handbemahlt. Vor seinem Tod beschlie\u00dft Jesus, Ostern zusammen mit seinem Folgern zu feiern.","robots":{"index":"index","follow":"follow","max-snippet":"max-snippet:-1","max-image-preview":"max-image-preview:large","max-video-preview":"max-video-preview:-1"},"canonical":"https:\/\/www.soniademetz.com\/de\/prodotto\/letztes-abendmahl\/","og_locale":"de_DE","og_type":"article","og_title":"Das letzte Abendmahl - Sonia Demetz","og_description":"Das letzte Abendmahl in Ahorn geschnitzt, handgefertigt und handbemahlt. Vor seinem Tod beschlie\u00dft Jesus, Ostern zusammen mit seinem Folgern zu feiern.","og_url":"https:\/\/www.soniademetz.com\/de\/prodotto\/letztes-abendmahl\/","og_site_name":"Sonia Demetz","article_publisher":"https:\/\/www.facebook.com\/SoniaDemetzWoodArtSculptures","article_modified_time":"2023-04-12T14:52:29+00:00","og_image":[{"url":"https:\/\/www.soniademetz.com\/wp-content\/uploads\/2022\/03\/WhatsApp-Image-2022-04-14-at-10.22.27-5.jpeg","type":"","width":"","height":""}],"twitter_card":"summary_large_image","twitter_misc":{"Gesch\u00e4tzte Lesezeit":"1\u00a0Minute"},"schema":{"@context":"https:\/\/schema.org","@graph":[{"@type":"WebPage","@id":"https:\/\/www.soniademetz.com\/de\/prodotto\/letztes-abendmahl\/","url":"https:\/\/www.soniademetz.com\/de\/prodotto\/letztes-abendmahl\/","name":"Das letzte Abendmahl - Sonia Demetz","isPartOf":{"@id":"https:\/\/www.soniademetz.com\/de\/#website"},"primaryImageOfPage":{"@id":"https:\/\/www.soniademetz.com\/de\/prodotto\/letztes-abendmahl\/#primaryimage"},"image":{"@id":"https:\/\/www.soniademetz.com\/de\/prodotto\/letztes-abendmahl\/#primaryimage"},"thumbnailUrl":"https:\/\/i0.wp.com\/www.soniademetz.com\/wp-content\/uploads\/2022\/03\/100307-removebg-Kopie.png?fit=1378%2C1378&ssl=1","datePublished":"2022-03-28T10:05:00+00:00","dateModified":"2023-04-12T14:52:29+00:00","description":"Das letzte Abendmahl in Ahorn geschnitzt, handgefertigt und handbemahlt. Vor seinem Tod beschlie\u00dft Jesus, Ostern zusammen mit seinem Folgern zu feiern.","breadcrumb":{"@id":"https:\/\/www.soniademetz.com\/de\/prodotto\/letztes-abendmahl\/#breadcrumb"},"inLanguage":"de","potentialAction":[{"@type":"ReadAction","target":["https:\/\/www.soniademetz.com\/de\/prodotto\/letztes-abendmahl\/"]}]},{"@type":"ImageObject","inLanguage":"de","@id":"https:\/\/www.soniademetz.com\/de\/prodotto\/letztes-abendmahl\/#primaryimage","url":"https:\/\/i0.wp.com\/www.soniademetz.com\/wp-content\/uploads\/2022\/03\/100307-removebg-Kopie.png?fit=1378%2C1378&ssl=1","contentUrl":"https:\/\/i0.wp.com\/www.soniademetz.com\/wp-content\/uploads\/2022\/03\/100307-removebg-Kopie.png?fit=1378%2C1378&ssl=1","width":1378,"height":1378,"caption":"Das letzte Abendmahl - Passion - Holz - Gr\u00f6dnertal"},{"@type":"BreadcrumbList","@id":"https:\/\/www.soniademetz.com\/de\/prodotto\/letztes-abendmahl\/#breadcrumb","itemListElement":[{"@type":"ListItem","position":1,"name":"Home","item":"https:\/\/www.soniademetz.com\/de\/"},{"@type":"ListItem","position":2,"name":"Shop","item":"https:\/\/www.soniademetz.com\/de\/shop-2\/"},{"@type":"ListItem","position":3,"name":"Das letzte Abendmahl"}]},{"@type":"WebSite","@id":"https:\/\/www.soniademetz.com\/de\/#website","url":"https:\/\/www.soniademetz.com\/de\/","name":"Sonia Demetz","description":"Holzkunst in Gr\u00f6dental","publisher":{"@id":"https:\/\/www.soniademetz.com\/de\/#organization"},"potentialAction":[{"@type":"SearchAction","target":{"@type":"EntryPoint","urlTemplate":"https:\/\/www.soniademetz.com\/de\/?s={search_term_string}"},"query-input":{"@type":"PropertyValueSpecification","valueRequired":true,"valueName":"search_term_string"}}],"inLanguage":"de"},{"@type":"Organization","@id":"https:\/\/www.soniademetz.com\/de\/#organization","name":"Sonia Demetz","url":"https:\/\/www.soniademetz.com\/de\/","logo":{"@type":"ImageObject","inLanguage":"de","@id":"https:\/\/www.soniademetz.com\/de\/#\/schema\/logo\/image\/","url":"https:\/\/i0.wp.com\/www.soniademetz.com\/wp-content\/uploads\/2021\/05\/cropped-Sonia-Demetz-Logo_1.png?fit=1407%2C573&ssl=1","contentUrl":"https:\/\/i0.wp.com\/www.soniademetz.com\/wp-content\/uploads\/2021\/05\/cropped-Sonia-Demetz-Logo_1.png?fit=1407%2C573&ssl=1","width":1407,"height":573,"caption":"Sonia Demetz"},"image":{"@id":"https:\/\/www.soniademetz.com\/de\/#\/schema\/logo\/image\/"},"sameAs":["https:\/\/www.facebook.com\/SoniaDemetzWoodArtSculptures","https:\/\/www.instagram.com\/soniademetz_woodart_sculptures\/"]}]}},"jetpack_sharing_enabled":true,"_links":{"self":[{"href":"https:\/\/www.soniademetz.com\/de\/wp-json\/wp\/v2\/product\/36842","targetHints":{"allow":["GET"]}}],"collection":[{"href":"https:\/\/www.soniademetz.com\/de\/wp-json\/wp\/v2\/product"}],"about":[{"href":"https:\/\/www.soniademetz.com\/de\/wp-json\/wp\/v2\/types\/product"}],"wp:featuredmedia":[{"embeddable":true,"href":"https:\/\/www.soniademetz.com\/de\/wp-json\/wp\/v2\/media\/48573"}],"wp:attachment":[{"href":"https:\/\/www.soniademetz.com\/de\/wp-json\/wp\/v2\/media?parent=36842"}],"wp:term":[{"taxonomy":"product_brand","embeddable":true,"href":"https:\/\/www.soniademetz.com\/de\/wp-json\/wp\/v2\/product_brand?post=36842"},{"taxonomy":"product_cat","embeddable":true,"href":"https:\/\/www.soniademetz.com\/de\/wp-json\/wp\/v2\/product_cat?post=36842"},{"taxonomy":"product_tag","embeddable":true,"href":"https:\/\/www.soniademetz.com\/de\/wp-json\/wp\/v2\/product_tag?post=36842"}],"curies":[{"name":"wp","href":"https:\/\/api.w.org\/{rel}","templated":true}]}}